{"id":95,"date":"2025-05-24T17:34:28","date_gmt":"2025-05-24T15:34:28","guid":{"rendered":"https:\/\/barnabelaye.com\/en\/?page_id=95"},"modified":"2025-05-24T18:50:04","modified_gmt":"2025-05-24T16:50:04","slug":"bibliographie","status":"publish","type":"page","link":"https:\/\/barnabelaye.com\/fr\/bibliographie\/","title":{"rendered":"Bibliographie"},"content":{"rendered":"\n<h1 class=\"wp-block-heading\">PO\u00c9SIE<\/h1>\n\n\n\n<p><em><a href=\"https:\/\/www.barnabelaye.com\/bibliographie\/poesie\/anthologie-la-parole-le-feu\/\"><strong>La parole et le feu, Anthologie po\u00e9tique<\/strong><\/a><\/em>, \u00c9ditions Acoria, 2017<\/p>\n\n\n\n<p><strong><a href=\"https:\/\/www.barnabelaye.com\/bibliographie\/poesie\/fragments-derrances\/\"><em>Fragments d\u2019errances<\/em><\/a><\/strong>, \u00c9ditions Acoria, 2015<\/p>\n\n\n\n<ul class=\"wp-block-list\">\n<li><em>Prix Aim\u00e9 C\u00e9saire 2015 de la Soci\u00e9t\u00e9 des Po\u00e8tes Fran\u00e7ais<\/em><\/li>\n\n\n\n<li><em>M\u00e9daille de vermeil 2016, Acad\u00e9mie Internationale de Lut\u00e8ce<\/em><\/li>\n<\/ul>\n\n\n\n<p><em><strong><a href=\"https:\/\/web.archive.org\/web\/20200203093551\/https:\/\/www.barnabelaye.com\/bibliographie\/poesie\/le-crepuscule-des-metamorphoses\/\">L<\/a><a href=\"https:\/\/www.barnabelaye.com\/bibliographie\/poesie\/le-crepuscule-des-metamorphoses\/\">e cr\u00e9puscule des m\u00e9tamorphoses<\/a><\/strong><\/em>, \u00c9ditions Acoria, 2014<\/p>\n\n\n\n<p><strong><em><a href=\"https:\/\/www.barnabelaye.com\/bibliographie\/poesie\/par-temps-de-doute-et-d-immobile-silence\/\">Par temps de doute et d\u2019immobile silence<\/a><\/em><\/strong>, \u00c9ditions Acoria, 2013<br><strong><em><a href=\"https:\/\/www.barnabelaye.com\/bibliographie\/poesie\/par-temps-de-doute-et-d-immobile-silence\/\">En tiempos de duda y de inm\u00f3vil silencio<\/a><\/em><\/strong>, \u00c9ditions Valparaiso, 2019<\/p>\n\n\n\n<p><a href=\"https:\/\/www.barnabelaye.com\/bibliographie\/poesie\/une-si-longue-attente\/\"><strong><em>Une si longue attente<\/em><\/strong><\/a>, \u00c9ditions Acoria, 2010<\/p>\n\n\n\n<p><a href=\"https:\/\/www.barnabelaye.com\/bibliographie\/poesie\/poemes-a-labsente\/\"><strong><em>Po\u00e8mes \u00e0 l\u2019Absente<\/em><\/strong><\/a>, \u00c9ditions Acoria, 2010<\/p>\n\n\n\n<p><strong><em><a href=\"https:\/\/www.barnabelaye.com\/bibliographie\/poesie\/requiem-pour-un-pays-assassine\/\">Requiem pour un pays assassin\u00e9<\/a><\/em><\/strong>, \u00c9ditions L\u2019Harmattan, 1999<br><strong><em><a href=\"https:\/\/www.barnabelaye.com\/bibliographie\/poesie\/requiem-pour-un-pays-assassine\/\">Requiem for a murdered country<\/a> <\/em><\/strong>(version bilingue Fran\u00e7ais\/Anglais), \u00c9ditions L\u2019Harmattan, 2008<br><a href=\"https:\/\/www.barnabelaye.com\/bibliographie\/poesie\/requiem-pour-un-pays-assassine\/\"><strong><em>Requiem para un pais asesinado <\/em><\/strong><\/a>(version espagnole), Editorial Leviat\u00e1n \u2013 Buenos Aires (Argentina), 2018<\/p>\n\n\n\n<p><a href=\"https:\/\/www.barnabelaye.com\/bibliographie\/poesie\/comme-un-signe-dans-la-nuit\/\"><em><strong>Comme un signe dans la nuit<\/strong><\/em><\/a>, \u00c9ditions L\u2019Harmattan, 1986<\/p>\n\n\n\n<ul class=\"wp-block-list\">\n<li><em>Avec le concours du Centre National des Lettres<\/em><\/li>\n<\/ul>\n\n\n\n<p><a href=\"https:\/\/www.barnabelaye.com\/bibliographie\/poesie\/les-sentiers-de-liberte\/\"><em><strong>Les sentiers de libert\u00e9<\/strong><\/em><\/a>, \u00c9ditions Saint-Germain-des-Pr\u00e9s, 1986<\/p>\n\n\n\n<p><a href=\"https:\/\/www.barnabelaye.com\/bibliographie\/poesie\/nostalgie-des-jours-qui-passent\/\"><strong><em>Nostalgie des jours qui passent<\/em><\/strong><\/a>, Silex \u00c9ditions, 1981<\/p>\n\n\n\n<ul class=\"wp-block-list\">\n<li><em>Prix \u00c9mile Nelligan 2010 pour l\u2019ensemble de l\u2019\u0153uvre po\u00e9tique<\/em><\/li>\n<\/ul>\n\n\n\n<h1 class=\"wp-block-heading\">ROMANS<\/h1>\n\n\n\n<p><em><strong><a href=\"https:\/\/www.barnabelaye.com\/bibliographie\/romans\/le-chant-des-cannes-a-sucre\/\">Le chant des cannes \u00e0 sucre<\/a><\/strong><\/em>, \u00c9ditions L\u2019Harmattan, 2019<\/p>\n\n\n\n<p><a href=\"https:\/\/www.barnabelaye.com\/bibliographie\/romans\/ladieu-au-pere\/\"><strong><em>L\u2019adieu au p\u00e8re<\/em><\/strong><\/a>, \u00c9ditions L\u2019Harmattan, 1999<\/p>\n\n\n\n<p><a href=\"https:\/\/www.barnabelaye.com\/bibliographie\/romans\/mangalor\/\"><strong><em>Mangalor<\/em><\/strong><\/a>, \u00c9ditions Seghers, 1989<\/p>\n\n\n\n<ul class=\"wp-block-list\">\n<li><em>Grand Prix Litt\u00e9raire des H\u00f4pitaux de Paris, 1990<\/em><\/li>\n<\/ul>\n\n\n\n<p><a href=\"https:\/\/www.barnabelaye.com\/bibliographie\/romans\/une-femme-dans-la-lumiere-de-laube\/\"><strong><em>Une femme dans la lumi\u00e8re de l\u2019aube<\/em><\/strong><\/a>, \u00c9ditions Seghers, 1988<br><a href=\"https:\/\/www.barnabelaye.com\/bibliographie\/romans\/une-femme-dans-la-lumiere-de-laube\/\"><strong><em>Mulher na luz da aurora<\/em><\/strong><\/a> (version br\u00e9silienne), Editora Movimento, Porto Alegre, Brasil, 2003<\/p>\n\n\n\n<h1 class=\"wp-block-heading\">ESSAIS<\/h1>\n\n\n\n<p><a href=\"https:\/\/www.barnabelaye.com\/bibliographie\/essais\/la-cuisine-africaine-et-antillaise-tout-un-poeme\/\"><strong><em>La cuisine africaine et antillaise. Tout un po\u00e8me<\/em><\/strong><\/a>, \u00c9ditions Dagan, 2011<\/p>\n\n\n\n<p><a href=\"https:\/\/www.barnabelaye.com\/bibliographie\/essais\/guide-de-la-sagesse-africaine\/\"><strong><em>Guide de la sagesse africaine<\/em><\/strong><\/a>, en collaboration avec Liliane Pr\u00e9vost, \u00c9ditions L\u2019Harmattan, 1999<\/p>\n\n\n\n<p><strong><em>La cuisine africaine et antillaise<\/em><\/strong>, \u00c9ditions Publisud, 1985<\/p>\n\n\n\n<h1 class=\"wp-block-heading\">OUVRAGES COLLECTIFS<\/h1>\n\n\n\n<p><em><strong>Dans ta d\u00e9tresse noire<\/strong><\/em>, <em>in<\/em> revue Mouvances.ca, 2011<\/p>\n\n\n\n<p><strong><em>Foule illusion<\/em><\/strong>, <em>in<\/em> Nous la Multitude, \u00c9ditions Le temps des Cerises, 2011<\/p>\n\n\n\n<p><strong><em>L\u2019enfant de la lagune<\/em><\/strong>, <em>in<\/em> Paris litt\u00e9raires, 2003<\/p>\n\n\n\n<p><strong><em>Ce quartier qui est le mien<\/em><\/strong>, <em>in<\/em> Paris litt\u00e9raires, 2002<\/p>\n","protected":false},"excerpt":{"rendered":"<p>PO\u00c9SIE La parole et le feu, Anthologie po\u00e9tique, \u00c9ditions Acoria, 2017 Fragments d\u2019errances, \u00c9ditions Acoria, 2015 Le cr\u00e9puscule des m\u00e9tamorphoses, \u00c9ditions Acoria, 2014 Par temps de doute et d\u2019immobile silence, \u00c9ditions Acoria, 2013En tiempos de duda y de inm\u00f3vil silencio, \u00c9ditions Valparaiso, 2019 Une si longue attente, \u00c9ditions Acoria, 2010 Po\u00e8mes \u00e0 l\u2019Absente, \u00c9ditions Acoria, [&hellip;]<\/p>\n","protected":false},"author":1,"featured_media":0,"parent":0,"menu_order":0,"comment_status":"closed","ping_status":"closed","template":"","meta":{"footnotes":""},"class_list":["post-95","page","type-page","status-publish","czr-hentry"],"_links":{"self":[{"href":"https:\/\/barnabelaye.com\/fr\/wp-json\/wp\/v2\/pages\/95","targetHints":{"allow":["GET"]}}],"collection":[{"href":"https:\/\/barnabelaye.com\/fr\/wp-json\/wp\/v2\/pages"}],"about":[{"href":"https:\/\/barnabelaye.com\/fr\/wp-json\/wp\/v2\/types\/page"}],"author":[{"embeddable":true,"href":"https:\/\/barnabelaye.com\/fr\/wp-json\/wp\/v2\/users\/1"}],"replies":[{"embeddable":true,"href":"https:\/\/barnabelaye.com\/fr\/wp-json\/wp\/v2\/comments?post=95"}],"version-history":[{"count":11,"href":"https:\/\/barnabelaye.com\/fr\/wp-json\/wp\/v2\/pages\/95\/revisions"}],"predecessor-version":[{"id":109,"href":"https:\/\/barnabelaye.com\/fr\/wp-json\/wp\/v2\/pages\/95\/revisions\/109"}],"wp:attachment":[{"href":"https:\/\/barnabelaye.com\/fr\/wp-json\/wp\/v2\/media?parent=95"}],"curies":[{"name":"wp","href":"https:\/\/api.w.org\/{rel}","templated":true}]}}