{"id":2,"date":"2025-05-24T15:22:59","date_gmt":"2025-05-24T13:22:59","guid":{"rendered":"https:\/\/barnabelaye.com\/?page_id=2"},"modified":"2025-05-24T16:48:22","modified_gmt":"2025-05-24T14:48:22","slug":"page-d-exemple","status":"publish","type":"page","link":"https:\/\/barnabelaye.com\/fr\/","title":{"rendered":"Bienvenue sur le site officiel de Barnab\u00e9 LAYE !"},"content":{"rendered":"\n<figure class=\"wp-block-image size-full\"><img loading=\"lazy\" decoding=\"async\" width=\"720\" height=\"478\" src=\"https:\/\/barnabelaye.com\/wp-content\/uploads\/2025\/05\/59332_1280818719203_780781_n.jpg\" alt=\"\" class=\"wp-image-12\" srcset=\"https:\/\/barnabelaye.com\/wp-content\/uploads\/2025\/05\/59332_1280818719203_780781_n.jpg 720w, https:\/\/barnabelaye.com\/wp-content\/uploads\/2025\/05\/59332_1280818719203_780781_n-300x199.jpg 300w\" sizes=\"auto, (max-width: 720px) 100vw, 720px\" \/><\/figure>\n\n\n\n<p><strong>Barnab\u00e9 LAYE<\/strong>, po\u00e8te et romancier, est consid\u00e9r\u00e9 comme une des voix importantes de l\u2019actuelle g\u00e9n\u00e9ration des \u00e9crivains francophones. M\u00e9decin des h\u00f4pitaux, il a men\u00e9 de front ses deux vocations. <\/p>\n\n\n\n<p>Longtemps l\u2019invit\u00e9 des grands festivals de po\u00e9sie et d\u2019\u00e9v\u00e8nements litt\u00e9raires \u00e0 travers le monde, en Am\u00e9rique latine, au Canada, en Afrique comme en Europe, il s&rsquo;\u00e9teint \u00e0 Paris le 3 avril 2024.<\/p>\n\n\n\n<p>Son \u0153uvre est remarquable par son style et la musique si particuli\u00e8re qui court \u00e0 travers les lignes. Comme si rythmes et assonances invitaient \u00e0 partager la saveur des mots et de la parole.<br>Certains de ses livres sont traduits en anglais, espagnol et br\u00e9silien.<\/p>\n\n\n\n<p>Les ouvrages de Barnab\u00e9 LAYE font l\u2019objet de travaux universitaires.<\/p>\n","protected":false},"excerpt":{"rendered":"<p>Barnab\u00e9 LAYE, po\u00e8te et romancier, est consid\u00e9r\u00e9 comme une des voix importantes de l\u2019actuelle g\u00e9n\u00e9ration des \u00e9crivains francophones. M\u00e9decin des h\u00f4pitaux, il a men\u00e9 de front ses deux vocations. Longtemps l\u2019invit\u00e9 des grands festivals de po\u00e9sie et d\u2019\u00e9v\u00e8nements litt\u00e9raires \u00e0 travers le monde, en Am\u00e9rique latine, au Canada, en Afrique comme en Europe, il s&rsquo;\u00e9teint [&hellip;]<\/p>\n","protected":false},"author":1,"featured_media":0,"parent":0,"menu_order":0,"comment_status":"closed","ping_status":"open","template":"","meta":{"footnotes":""},"class_list":["post-2","page","type-page","status-publish","czr-hentry"],"_links":{"self":[{"href":"https:\/\/barnabelaye.com\/fr\/wp-json\/wp\/v2\/pages\/2","targetHints":{"allow":["GET"]}}],"collection":[{"href":"https:\/\/barnabelaye.com\/fr\/wp-json\/wp\/v2\/pages"}],"about":[{"href":"https:\/\/barnabelaye.com\/fr\/wp-json\/wp\/v2\/types\/page"}],"author":[{"embeddable":true,"href":"https:\/\/barnabelaye.com\/fr\/wp-json\/wp\/v2\/users\/1"}],"replies":[{"embeddable":true,"href":"https:\/\/barnabelaye.com\/fr\/wp-json\/wp\/v2\/comments?post=2"}],"version-history":[{"count":9,"href":"https:\/\/barnabelaye.com\/fr\/wp-json\/wp\/v2\/pages\/2\/revisions"}],"predecessor-version":[{"id":60,"href":"https:\/\/barnabelaye.com\/fr\/wp-json\/wp\/v2\/pages\/2\/revisions\/60"}],"wp:attachment":[{"href":"https:\/\/barnabelaye.com\/fr\/wp-json\/wp\/v2\/media?parent=2"}],"curies":[{"name":"wp","href":"https:\/\/api.w.org\/{rel}","templated":true}]}}